{"id":299,"date":"2023-05-17T13:13:00","date_gmt":"2023-05-17T11:13:00","guid":{"rendered":"https:\/\/www.gelatsangelo.com\/?page_id=299"},"modified":"2026-03-17T10:30:09","modified_gmt":"2026-03-17T09:30:09","slug":"nosotros","status":"publish","type":"page","link":"https:\/\/www.gelatsangelo.com\/es\/nosotros\/","title":{"rendered":"Nosotros"},"content":{"rendered":"\t\t<div data-elementor-type=\"wp-page\" data-elementor-id=\"299\" class=\"elementor elementor-299\" data-elementor-post-type=\"page\">\n\t\t\t\t\t\t\t\t\t<section class=\"has_eae_slider elementor-section elementor-top-section elementor-element elementor-element-b08b35e elementor-section-height-min-height elementor-section-boxed elementor-section-height-default elementor-section-items-middle\" data-particle_enable=\"false\" data-particle-mobile-disabled=\"false\" data-id=\"b08b35e\" data-element_type=\"section\">\n\t\t\t\t\t\t<div class=\"elementor-container elementor-column-gap-default\">\n\t\t\t\t\t<div class=\"has_eae_slider elementor-column elementor-col-100 elementor-top-column elementor-element elementor-element-1d7acc1\" data-id=\"1d7acc1\" data-element_type=\"column\">\n\t\t\t<div class=\"elementor-widget-wrap elementor-element-populated\">\n\t\t\t\t\t\t\t\t<section class=\"has_eae_slider elementor-section elementor-inner-section elementor-element elementor-element-e64bb69 elementor-section-boxed elementor-section-height-default elementor-section-height-default\" data-particle_enable=\"false\" data-particle-mobile-disabled=\"false\" data-id=\"e64bb69\" data-element_type=\"section\">\n\t\t\t\t\t\t<div class=\"elementor-container elementor-column-gap-default\">\n\t\t\t\t\t<div class=\"has_eae_slider elementor-column elementor-col-100 elementor-inner-column elementor-element elementor-element-54f6635\" data-id=\"54f6635\" data-element_type=\"column\">\n\t\t\t<div class=\"elementor-widget-wrap elementor-element-populated\">\n\t\t\t\t\t\t\t\t<div class=\"elementor-element elementor-element-54d8ddc elementor-widget elementor-widget-heading\" data-id=\"54d8ddc\" data-element_type=\"widget\" data-widget_type=\"heading.default\">\n\t\t\t\t<div class=\"elementor-widget-container\">\n\t\t\t<h1 class=\"elementor-heading-title elementor-size-default\">\u00bfQui\u00e9nes somos?<\/h1>\t\t<\/div>\n\t\t\t\t<\/div>\n\t\t\t\t\t<\/div>\n\t\t<\/div>\n\t\t\t\t\t\t\t<\/div>\n\t\t<\/section>\n\t\t\t\t\t<\/div>\n\t\t<\/div>\n\t\t\t\t\t\t\t<\/div>\n\t\t<\/section>\n\t\t<div class=\"has_eae_slider elementor-element elementor-element-76f8b66 e-con-full e-flex e-con\" data-particle_enable=\"false\" data-particle-mobile-disabled=\"false\" data-id=\"76f8b66\" data-element_type=\"container\" data-settings=\"{&quot;background_background&quot;:&quot;classic&quot;,&quot;content_width&quot;:&quot;full&quot;}\">\n\t\t<div class=\"has_eae_slider elementor-element elementor-element-ea09aa1 e-con-full e-flex e-con\" data-particle_enable=\"false\" data-particle-mobile-disabled=\"false\" data-id=\"ea09aa1\" data-element_type=\"container\" data-settings=\"{&quot;content_width&quot;:&quot;full&quot;}\">\n\t\t\t\t<div class=\"elementor-element elementor-element-06cbe12 elementor-widget elementor-widget-heading\" data-id=\"06cbe12\" data-element_type=\"widget\" data-widget_type=\"heading.default\">\n\t\t\t\t<div class=\"elementor-widget-container\">\n\t\t\t<h2 class=\"elementor-heading-title elementor-size-default\">Helados Angelo se fund\u00f3 en Torroella de Montgr\u00ed, Girona, el 1985<\/h2>\t\t<\/div>\n\t\t\t\t<\/div>\n\t\t\t\t<div class=\"elementor-element elementor-element-0a593e2 elementor-widget-divider--view-line elementor-widget elementor-widget-divider\" data-id=\"0a593e2\" data-element_type=\"widget\" data-widget_type=\"divider.default\">\n\t\t\t\t<div class=\"elementor-widget-container\">\n\t\t\t\t\t<div class=\"elementor-divider\">\n\t\t\t<span class=\"elementor-divider-separator\">\n\t\t\t\t\t\t<\/span>\n\t\t<\/div>\n\t\t\t\t<\/div>\n\t\t\t\t<\/div>\n\t\t\t\t<div class=\"elementor-element elementor-element-68b996e elementor-widget elementor-widget-heading\" data-id=\"68b996e\" data-element_type=\"widget\" data-widget_type=\"heading.default\">\n\t\t\t\t<div class=\"elementor-widget-container\">\n\t\t\t<p class=\"elementor-heading-title elementor-size-default\">Al frente de este proyecto estaba el maestro heladero Angelo Corvitto que despu\u00e9s de a\u00f1os en el mundo de la hosteler\u00eda materializaba el sue\u00f1o de dedicarse exclusivamente a su gran pasi\u00f3n: la elaboraci\u00f3n de los helados.\n\nSiguiendo los pasos de Angelo, su hijo Herv\u00e9 se incorpor\u00f3 en el a\u00f1o 2000 a la empresa familiar, garantizando de este modo la continuidad del negocio. Es entonces tambi\u00e9n cuando el prestigioso heladero encuentra el tiempo necesario para profundizar en los estudios de este alimento y perfeccionar su t\u00e9cnica de elaboraci\u00f3n.<\/p>\t\t<\/div>\n\t\t\t\t<\/div>\n\t\t\t\t<\/div>\n\t\t<div class=\"has_eae_slider elementor-element elementor-element-8d707c3 e-con-full e-flex e-con\" data-particle_enable=\"false\" data-particle-mobile-disabled=\"false\" data-id=\"8d707c3\" data-element_type=\"container\" data-settings=\"{&quot;content_width&quot;:&quot;full&quot;}\">\n\t\t\t\t<div class=\"elementor-element elementor-element-a2d7b68 elementor-widget__width-initial elementor-widget elementor-widget-image\" data-id=\"a2d7b68\" data-element_type=\"widget\" data-settings=\"{&quot;motion_fx_translateY_effect&quot;:&quot;yes&quot;,&quot;motion_fx_translateY_speed&quot;:{&quot;unit&quot;:&quot;px&quot;,&quot;size&quot;:1,&quot;sizes&quot;:[]},&quot;motion_fx_motion_fx_scrolling&quot;:&quot;yes&quot;,&quot;motion_fx_devices&quot;:[&quot;desktop&quot;,&quot;laptop&quot;],&quot;motion_fx_translateY_affectedRange&quot;:{&quot;unit&quot;:&quot;%&quot;,&quot;size&quot;:&quot;&quot;,&quot;sizes&quot;:{&quot;start&quot;:0,&quot;end&quot;:100}}}\" data-widget_type=\"image.default\">\n\t\t\t\t<div class=\"elementor-widget-container\">\n\t\t\t\t\t\t\t\t\t\t\t\t\t\t\t<img decoding=\"async\" width=\"1024\" height=\"768\" src=\"https:\/\/www.gelatsangelo.com\/wp-content\/uploads\/2023\/06\/210126-Angelo-Espais_42887_COLOR_4web-1-1024x768.jpg\" class=\"attachment-large size-large wp-image-3831\" alt=\"\" srcset=\"https:\/\/www.gelatsangelo.com\/wp-content\/uploads\/2023\/06\/210126-Angelo-Espais_42887_COLOR_4web-1-1024x768.jpg 1024w, https:\/\/www.gelatsangelo.com\/wp-content\/uploads\/2023\/06\/210126-Angelo-Espais_42887_COLOR_4web-1-300x225.jpg 300w, https:\/\/www.gelatsangelo.com\/wp-content\/uploads\/2023\/06\/210126-Angelo-Espais_42887_COLOR_4web-1-768x576.jpg 768w, https:\/\/www.gelatsangelo.com\/wp-content\/uploads\/2023\/06\/210126-Angelo-Espais_42887_COLOR_4web-1.jpg 1300w\" sizes=\"(max-width: 1024px) 100vw, 1024px\" \/>\t\t\t\t\t\t\t\t\t\t\t\t\t\t\t<\/div>\n\t\t\t\t<\/div>\n\t\t\t\t<\/div>\n\t\t\t\t<\/div>\n\t\t<div class=\"has_eae_slider elementor-element elementor-element-72992cc e-flex e-con-boxed e-con\" data-particle_enable=\"false\" data-particle-mobile-disabled=\"false\" data-id=\"72992cc\" data-element_type=\"container\" data-settings=\"{&quot;content_width&quot;:&quot;boxed&quot;}\">\n\t\t\t\t\t<div class=\"e-con-inner\">\n\t\t<div class=\"has_eae_slider elementor-element elementor-element-e2ea244 e-flex e-con-boxed e-con\" data-particle_enable=\"false\" data-particle-mobile-disabled=\"false\" data-id=\"e2ea244\" data-element_type=\"container\" data-settings=\"{&quot;content_width&quot;:&quot;boxed&quot;}\">\n\t\t\t\t\t<div class=\"e-con-inner\">\n\t\t\t\t<div class=\"elementor-element elementor-element-11688f2 elementor-widget elementor-widget-qi_addons_for_elementor_timeline\" data-id=\"11688f2\" data-element_type=\"widget\" data-widget_type=\"qi_addons_for_elementor_timeline.default\">\n\t\t\t\t<div class=\"elementor-widget-container\">\n\t\t\t<div class=\"qodef-shortcode qodef-m  qodef-qi-timeline qodef-timeline--horizontal qodef-layout--columns qodef-timeline-layout--horizontal-alternating  qodef-point--diamond qodef-qi--has-appear  \" data-options=\"{&quot;colNum&quot;:&quot;3&quot;,&quot;colNum1440&quot;:&quot;3&quot;,&quot;colNum1366&quot;:&quot;3&quot;,&quot;colNum1024&quot;:&quot;3&quot;,&quot;colNum768&quot;:&quot;2&quot;,&quot;colNum680&quot;:&quot;1&quot;,&quot;colNum480&quot;:&quot;1&quot;}\">\n\t<div class=\"qodef-nav-prev\">\n\t\t<i aria-hidden=\"true\" class=\"fas fa-arrow-left\"><\/i>\t<\/div>\n\t<div class=\"qodef-nav-next\">\n\t\t<i aria-hidden=\"true\" class=\"fas fa-arrow-right\"><\/i>\t<\/div>\n\t<div class=\"qodef-grid-inner\">\n\t<div class=\"qodef-e qodef-e-item qodef-grid-item elementor-repeater-item-04e621c qodef-reverse\">\n\t<div class=\"qodef-e-line-holder\">\n\t\t<span class=\"qodef-e-line\"><\/span>\n\t<\/div>\n\t<div class=\"qodef-e-item-inner\">\n\t\t<div class=\"qodef-e-point-holder\">\n\t\t\t<div class=\"qodef-e-point\">\n\t\t\t\t\t\t\t<\/div>\n\t\t<\/div>\n\t\t<div class=\"qodef-e-top-holder\">\n\t\t\t<div class=\"qodef-e-image\">\n\t<img decoding=\"async\" width=\"468\" height=\"569\" src=\"https:\/\/www.gelatsangelo.com\/wp-content\/uploads\/2023\/06\/logoimatge.jpg\" class=\"attachment-full size-full\" alt=\"\" srcset=\"https:\/\/www.gelatsangelo.com\/wp-content\/uploads\/2023\/06\/logoimatge.jpg 468w, https:\/\/www.gelatsangelo.com\/wp-content\/uploads\/2023\/06\/logoimatge-247x300.jpg 247w\" sizes=\"(max-width: 468px) 100vw, 468px\" \/><\/div>\n\t\t<\/div>\n\t\t<div class=\"qodef-e-content-holder\">\n\t\t\t\t<h4 class=\"qodef-e-title\">\n\t\tNuestros inicios\t\t<\/h4>\n\t\t\t\t\t<p class=\"qodef-e-text\">\n\t\t Los inicios de Gelats Angelo se sit\u00faan en un piso de la calle Doctor Valent\u00ed de Torroella de Montgr\u00ed.\n\nEs aqu\u00ed donde Angelo junto a su mujer, Dolors, inician sus primeros experimentos y elaboran los helados que caracterizar\u00e1n a Gelats Angelo.\t<\/p>\n\t\t\t\t\t<div class=\"qodef-e-date\">\n\t\t1982\t<\/div>\n\t\t\t<\/div>\n\t<\/div>\n<\/div>\n<div class=\"qodef-e qodef-e-item qodef-grid-item elementor-repeater-item-2e52967 qodef-obverse\">\n\t<div class=\"qodef-e-line-holder\">\n\t\t<span class=\"qodef-e-line\"><\/span>\n\t<\/div>\n\t<div class=\"qodef-e-item-inner\">\n\t\t<div class=\"qodef-e-point-holder\">\n\t\t\t<div class=\"qodef-e-point\">\n\t\t\t\t\t\t\t<\/div>\n\t\t<\/div>\n\t\t<div class=\"qodef-e-top-holder\">\n\t\t\t<div class=\"qodef-e-image\">\n\t<img decoding=\"async\" width=\"468\" height=\"459\" src=\"https:\/\/www.gelatsangelo.com\/wp-content\/uploads\/2023\/06\/1986-3-1.png\" class=\"attachment-full size-full\" alt=\"\" srcset=\"https:\/\/www.gelatsangelo.com\/wp-content\/uploads\/2023\/06\/1986-3-1.png 468w, https:\/\/www.gelatsangelo.com\/wp-content\/uploads\/2023\/06\/1986-3-1-300x294.png 300w\" sizes=\"(max-width: 468px) 100vw, 468px\" \/><\/div>\n\t\t<\/div>\n\t\t<div class=\"qodef-e-content-holder\">\n\t\t\t\t<h4 class=\"qodef-e-title\">\n\t\tPrimer obrador oficial\t\t<\/h4>\n\t\t\t\t\t<p class=\"qodef-e-text\">\n\t\tEl primer obrador oficial se localiza en la Pla\u00e7a d\u2019Espanya de Torroella de Montgr\u00ed.\t<\/p>\n\t\t\t\t\t<div class=\"qodef-e-date\">\n\t\t1986\t<\/div>\n\t\t\t<\/div>\n\t<\/div>\n<\/div>\n<div class=\"qodef-e qodef-e-item qodef-grid-item elementor-repeater-item-d74853f qodef-reverse\">\n\t<div class=\"qodef-e-line-holder\">\n\t\t<span class=\"qodef-e-line\"><\/span>\n\t<\/div>\n\t<div class=\"qodef-e-item-inner\">\n\t\t<div class=\"qodef-e-point-holder\">\n\t\t\t<div class=\"qodef-e-point\">\n\t\t\t\t\t\t\t<\/div>\n\t\t<\/div>\n\t\t<div class=\"qodef-e-top-holder\">\n\t\t\t<div class=\"qodef-e-image\">\n\t<img decoding=\"async\" width=\"468\" height=\"459\" src=\"https:\/\/www.gelatsangelo.com\/wp-content\/uploads\/2023\/06\/logo-2010.jpg\" class=\"attachment-full size-full\" alt=\"\" srcset=\"https:\/\/www.gelatsangelo.com\/wp-content\/uploads\/2023\/06\/logo-2010.jpg 468w, https:\/\/www.gelatsangelo.com\/wp-content\/uploads\/2023\/06\/logo-2010-300x294.jpg 300w\" sizes=\"(max-width: 468px) 100vw, 468px\" \/><\/div>\n\t\t<\/div>\n\t\t<div class=\"qodef-e-content-holder\">\n\t\t\t\t<h4 class=\"qodef-e-title\">\n\t\tHerv\u00e9 Corvitto\t\t<\/h4>\n\t\t\t\t\t<p class=\"qodef-e-text\">\n\t\tLa incorporaci\u00f3n de Herv\u00e9 Corvitto a Angelo, permiti\u00f3 mantener viva la tradici\u00f3n familiar  y b\u00fasqueda del helado perfecto que inici\u00f3 su padre.\t<\/p>\n\t\t\t\t\t<div class=\"qodef-e-date\">\n\t\t2000\t<\/div>\n\t\t\t<\/div>\n\t<\/div>\n<\/div>\n<div class=\"qodef-e qodef-e-item qodef-grid-item elementor-repeater-item-e068791 qodef-obverse\">\n\t<div class=\"qodef-e-line-holder\">\n\t\t<span class=\"qodef-e-line\"><\/span>\n\t<\/div>\n\t<div class=\"qodef-e-item-inner\">\n\t\t<div class=\"qodef-e-point-holder\">\n\t\t\t<div class=\"qodef-e-point\">\n\t\t\t\t\t\t\t<\/div>\n\t\t<\/div>\n\t\t<div class=\"qodef-e-top-holder\">\n\t\t\t<div class=\"qodef-e-image\">\n\t<img decoding=\"async\" width=\"468\" height=\"459\" src=\"https:\/\/www.gelatsangelo.com\/wp-content\/uploads\/2023\/06\/llibre-1.png\" class=\"attachment-full size-full\" alt=\"\" srcset=\"https:\/\/www.gelatsangelo.com\/wp-content\/uploads\/2023\/06\/llibre-1.png 468w, https:\/\/www.gelatsangelo.com\/wp-content\/uploads\/2023\/06\/llibre-1-300x294.png 300w\" sizes=\"(max-width: 468px) 100vw, 468px\" \/><\/div>\n\t\t<\/div>\n\t\t<div class=\"qodef-e-content-holder\">\n\t\t\t\t<h4 class=\"qodef-e-title\">\n\t\tPublicaci\u00f3n \u201cLos secretos del helado, el helado sin secretos\u201d\t\t<\/h4>\n\t\t\t\t\t<p class=\"qodef-e-text\">\n\t\tPublicaci\u00f3n de la obra enciclop\u00e9dica \u201cLos secretos del helado, el helado sin secretos\u201d, galardonada con el premio a la mejor publicaci\u00f3n gastron\u00f3mica espa\u00f1ola y que se ha convertido en un referente en el sector por su forma de entender el helado.\t<\/p>\n\t\t\t\t\t<div class=\"qodef-e-date\">\n\t\t2004\t<\/div>\n\t\t\t<\/div>\n\t<\/div>\n<\/div>\n<div class=\"qodef-e qodef-e-item qodef-grid-item elementor-repeater-item-7c09bdc qodef-reverse\">\n\t<div class=\"qodef-e-line-holder\">\n\t\t<span class=\"qodef-e-line\"><\/span>\n\t<\/div>\n\t<div class=\"qodef-e-item-inner\">\n\t\t<div class=\"qodef-e-point-holder\">\n\t\t\t<div class=\"qodef-e-point\">\n\t\t\t\t\t\t\t<\/div>\n\t\t<\/div>\n\t\t<div class=\"qodef-e-top-holder\">\n\t\t\t<div class=\"qodef-e-image\">\n\t<img decoding=\"async\" width=\"468\" height=\"459\" src=\"https:\/\/www.gelatsangelo.com\/wp-content\/uploads\/2023\/06\/mejor-heladero-del-mundo-1.png\" class=\"attachment-full size-full\" alt=\"\" srcset=\"https:\/\/www.gelatsangelo.com\/wp-content\/uploads\/2023\/06\/mejor-heladero-del-mundo-1.png 468w, https:\/\/www.gelatsangelo.com\/wp-content\/uploads\/2023\/06\/mejor-heladero-del-mundo-1-300x294.png 300w\" sizes=\"(max-width: 468px) 100vw, 468px\" \/><\/div>\n\t\t<\/div>\n\t\t<div class=\"qodef-e-content-holder\">\n\t\t\t\t<h4 class=\"qodef-e-title\">\n\t\tAngelo Corvitto. Mejor heladero del mundo\t\t<\/h4>\n\t\t\t\t\t<p class=\"qodef-e-text\">\n\t\tPremio al mejor heladero del mundo, que se le concedi\u00f3 en la primera edici\u00f3n del Congreso Indentit\u00e1 Golose.\t<\/p>\n\t\t\t\t\t<div class=\"qodef-e-date\">\n\t\t2006\t<\/div>\n\t\t\t<\/div>\n\t<\/div>\n<\/div>\n<div class=\"qodef-e qodef-e-item qodef-grid-item elementor-repeater-item-8f1d6c0 qodef-obverse\">\n\t<div class=\"qodef-e-line-holder\">\n\t\t<span class=\"qodef-e-line\"><\/span>\n\t<\/div>\n\t<div class=\"qodef-e-item-inner\">\n\t\t<div class=\"qodef-e-point-holder\">\n\t\t\t<div class=\"qodef-e-point\">\n\t\t\t\t\t\t\t<\/div>\n\t\t<\/div>\n\t\t<div class=\"qodef-e-top-holder\">\n\t\t\t<div class=\"qodef-e-image\">\n\t<img decoding=\"async\" width=\"468\" height=\"459\" src=\"https:\/\/www.gelatsangelo.com\/wp-content\/uploads\/2023\/06\/herve.png\" class=\"attachment-full size-full\" alt=\"\" srcset=\"https:\/\/www.gelatsangelo.com\/wp-content\/uploads\/2023\/06\/herve.png 468w, https:\/\/www.gelatsangelo.com\/wp-content\/uploads\/2023\/06\/herve-300x294.png 300w\" sizes=\"(max-width: 468px) 100vw, 468px\" \/><\/div>\n\t\t<\/div>\n\t\t<div class=\"qodef-e-content-holder\">\n\t\t\t\t<h4 class=\"qodef-e-title\">\n\t\tNuevo obrador\t\t<\/h4>\n\t\t\t\t\t<p class=\"qodef-e-text\">\n\t\tApertura del nuevo obrador de helados en el pueblo ampurdan\u00e9s de Ull\u00e0.\n\nAngelo da un paso adelante mejorando la log\u00edstica, la maquinaria e incrementando su capacidad productiva.\t<\/p>\n\t\t\t\t\t<div class=\"qodef-e-date\">\n\t\t2013\t<\/div>\n\t\t\t<\/div>\n\t<\/div>\n<\/div>\n<div class=\"qodef-e qodef-e-item qodef-grid-item elementor-repeater-item-c12eec4 qodef-reverse\">\n\t<div class=\"qodef-e-line-holder\">\n\t\t<span class=\"qodef-e-line\"><\/span>\n\t<\/div>\n\t<div class=\"qodef-e-item-inner\">\n\t\t<div class=\"qodef-e-point-holder\">\n\t\t\t<div class=\"qodef-e-point\">\n\t\t\t\t\t\t\t<\/div>\n\t\t<\/div>\n\t\t<div class=\"qodef-e-top-holder\">\n\t\t\t<div class=\"qodef-e-image\">\n\t<img decoding=\"async\" width=\"644\" height=\"644\" src=\"https:\/\/www.gelatsangelo.com\/wp-content\/uploads\/2024\/12\/Logo-GelatsAngelo-Square.png\" class=\"attachment-full size-full\" alt=\"\" srcset=\"https:\/\/www.gelatsangelo.com\/wp-content\/uploads\/2024\/12\/Logo-GelatsAngelo-Square.png 644w, https:\/\/www.gelatsangelo.com\/wp-content\/uploads\/2024\/12\/Logo-GelatsAngelo-Square-300x300.png 300w, https:\/\/www.gelatsangelo.com\/wp-content\/uploads\/2024\/12\/Logo-GelatsAngelo-Square-150x150.png 150w\" sizes=\"(max-width: 644px) 100vw, 644px\" \/><\/div>\n\t\t<\/div>\n\t\t<div class=\"qodef-e-content-holder\">\n\t\t\t\t<h4 class=\"qodef-e-title\">\n\t\tNueva imagen corporativa\t\t<\/h4>\n\t\t\t\t\t<p class=\"qodef-e-text\">\n\t\tNueva imagen corporativa inspirada en la proporci\u00f3n \u00e1urea, presente en numerosas formas de la naturaleza y s\u00edmbolo universal de belleza y armon\u00eda. Una representaci\u00f3n visual de una filosof\u00eda que refleja nuestro compromiso con la creaci\u00f3n de helados perfectamente equilibrados, donde la dedicaci\u00f3n se percibe en cada detalle y nota de sabor.\n\t<\/p>\n\t\t\t\t\t<div class=\"qodef-e-date\">\n\t\t2024\t<\/div>\n\t\t\t<\/div>\n\t<\/div>\n<\/div>\n<div class=\"qodef-e qodef-e-item qodef-grid-item elementor-repeater-item-a4a17c2 qodef-obverse\">\n\t<div class=\"qodef-e-line-holder\">\n\t\t<span class=\"qodef-e-line\"><\/span>\n\t<\/div>\n\t<div class=\"qodef-e-item-inner\">\n\t\t<div class=\"qodef-e-point-holder\">\n\t\t\t<div class=\"qodef-e-point\">\n\t\t\t\t\t\t\t<\/div>\n\t\t<\/div>\n\t\t<div class=\"qodef-e-top-holder\">\n\t\t\t<div class=\"qodef-e-image\">\n\t<img decoding=\"async\" width=\"250\" height=\"250\" src=\"https:\/\/www.gelatsangelo.com\/wp-content\/uploads\/2026\/03\/ESP_Logo_40_Angelo_Plata-Historia.png\" class=\"attachment-full size-full\" alt=\"\" srcset=\"https:\/\/www.gelatsangelo.com\/wp-content\/uploads\/2026\/03\/ESP_Logo_40_Angelo_Plata-Historia.png 250w, https:\/\/www.gelatsangelo.com\/wp-content\/uploads\/2026\/03\/ESP_Logo_40_Angelo_Plata-Historia-150x150.png 150w\" sizes=\"(max-width: 250px) 100vw, 250px\" \/><\/div>\n\t\t<\/div>\n\t\t<div class=\"qodef-e-content-holder\">\n\t\t\t\t<h4 class=\"qodef-e-title\">\n\t\t40\u00ba aniversario\t\t<\/h4>\n\t\t\t\t\t<p class=\"qodef-e-text\">\n\t\tDesde 1986, hemos trabajado con una idea clara: dignificar el helado a trav\u00e9s de la t\u00e9cnica, el rigor y la sensibilidad gastron\u00f3mica. El helado es un producto complejo que requiere precisi\u00f3n, conocimiento e intuici\u00f3n, y a lo largo de estos 40 a\u00f1os lo hemos sabido tratar con una metodolog\u00eda cuidadosa y en constante evoluci\u00f3n.\t<\/p>\n\t\t\t\t\t<div class=\"qodef-e-date\">\n\t\t2026\t<\/div>\n\t\t\t<\/div>\n\t<\/div>\n<\/div>\n\t<\/div>\n<\/div>\n\t\t<\/div>\n\t\t\t\t<\/div>\n\t\t\t\t\t<\/div>\n\t\t\t\t<\/div>\n\t\t\t\t\t<\/div>\n\t\t\t\t<\/div>\n\t\t<div class=\"has_eae_slider elementor-element elementor-element-11ded7f e-flex e-con-boxed e-con\" data-particle_enable=\"false\" data-particle-mobile-disabled=\"false\" data-id=\"11ded7f\" data-element_type=\"container\" data-settings=\"{&quot;content_width&quot;:&quot;boxed&quot;}\">\n\t\t\t\t\t<div class=\"e-con-inner\">\n\t\t<div class=\"has_eae_slider elementor-element elementor-element-07c9080 e-con-full e-flex e-con\" data-particle_enable=\"false\" data-particle-mobile-disabled=\"false\" data-id=\"07c9080\" data-element_type=\"container\" data-settings=\"{&quot;content_width&quot;:&quot;full&quot;,&quot;background_background&quot;:&quot;classic&quot;}\">\n\t\t\t\t<\/div>\n\t\t<div class=\"has_eae_slider elementor-element elementor-element-63d000e e-con-full e-flex e-con\" data-particle_enable=\"false\" data-particle-mobile-disabled=\"false\" data-id=\"63d000e\" data-element_type=\"container\" data-settings=\"{&quot;content_width&quot;:&quot;full&quot;,&quot;background_background&quot;:&quot;classic&quot;}\">\n\t\t<div class=\"has_eae_slider elementor-element elementor-element-f435734 e-flex e-con-boxed e-con\" data-particle_enable=\"false\" data-particle-mobile-disabled=\"false\" data-id=\"f435734\" data-element_type=\"container\" data-settings=\"{&quot;content_width&quot;:&quot;boxed&quot;}\">\n\t\t\t\t\t<div class=\"e-con-inner\">\n\t\t\t\t<div class=\"elementor-element elementor-element-4be52ce elementor-widget elementor-widget-heading\" data-id=\"4be52ce\" data-element_type=\"widget\" data-widget_type=\"heading.default\">\n\t\t\t\t<div class=\"elementor-widget-container\">\n\t\t\t<h2 class=\"elementor-heading-title elementor-size-default\">Angelo Corvitto<\/h2>\t\t<\/div>\n\t\t\t\t<\/div>\n\t\t\t\t<div class=\"elementor-element elementor-element-c79bb52 elementor-widget elementor-widget-heading\" data-id=\"c79bb52\" data-element_type=\"widget\" data-widget_type=\"heading.default\">\n\t\t\t\t<div class=\"elementor-widget-container\">\n\t\t\t<h3 class=\"elementor-heading-title elementor-size-default\">La vocaci\u00f3n convertida en un referente internacional<\/h3>\t\t<\/div>\n\t\t\t\t<\/div>\n\t\t\t\t<div class=\"elementor-element elementor-element-0302e3d elementor-widget elementor-widget-spacer\" data-id=\"0302e3d\" data-element_type=\"widget\" data-widget_type=\"spacer.default\">\n\t\t\t\t<div class=\"elementor-widget-container\">\n\t\t\t\t\t<div class=\"elementor-spacer\">\n\t\t\t<div class=\"elementor-spacer-inner\"><\/div>\n\t\t<\/div>\n\t\t\t\t<\/div>\n\t\t\t\t<\/div>\n\t\t\t\t<div class=\"elementor-element elementor-element-d2a4b24 elementor-widget__width-initial elementor-absolute elementor-widget elementor-widget-image\" data-id=\"d2a4b24\" data-element_type=\"widget\" data-settings=\"{&quot;_position&quot;:&quot;absolute&quot;}\" data-widget_type=\"image.default\">\n\t\t\t\t<div class=\"elementor-widget-container\">\n\t\t\t\t\t\t\t\t\t\t\t\t\t\t\t<img decoding=\"async\" width=\"502\" height=\"557\" src=\"https:\/\/www.gelatsangelo.com\/wp-content\/uploads\/2023\/05\/Recurso-4-8.png\" class=\"attachment-large size-large wp-image-427\" alt=\"\" srcset=\"https:\/\/www.gelatsangelo.com\/wp-content\/uploads\/2023\/05\/Recurso-4-8.png 502w, https:\/\/www.gelatsangelo.com\/wp-content\/uploads\/2023\/05\/Recurso-4-8-270x300.png 270w\" sizes=\"(max-width: 502px) 100vw, 502px\" \/>\t\t\t\t\t\t\t\t\t\t\t\t\t\t\t<\/div>\n\t\t\t\t<\/div>\n\t\t\t\t<div class=\"elementor-element elementor-element-4155505 elementor-widget elementor-widget-heading\" data-id=\"4155505\" data-element_type=\"widget\" data-widget_type=\"heading.default\">\n\t\t\t\t<div class=\"elementor-widget-container\">\n\t\t\t<p class=\"elementor-heading-title elementor-size-default\">Nacido en 1943 en Licata, Sicilia. Junto a su esposa, regentaba una fonda en Torroella de Montgr\u00ed, donde descubri\u00f3 su pasi\u00f3n por la gastronom\u00eda y, en particular, por la elaboraci\u00f3n de postres y helados.<br><br>A lo largo de los a\u00f1os, Angelo se convirti\u00f3 en un referente internacional en el mundo de los helados gracias a su dedicaci\u00f3n y b\u00fasqueda constante de perfeccionamiento. En 2006, fue galardonado como el mejor heladero del mundo en el Congreso Indentit\u00e1 Golose.<br><br>Su contribuci\u00f3n trascendi\u00f3 m\u00e1s all\u00e1 de su propio obrador, ya que comparti\u00f3 sus conocimientos en numerosos cursos y conferencias tanto a nivel nacional como internacional. Reconocidos profesionales de la pasteler\u00eda, como Jordi Roca y Paco Torreblanca, han podido aprender de \u00e9l y desarrollar su t\u00e9cnica.<br><br>En 2004, public\u00f3 \"Los secretos del helado, el helado sin secretos\", una obra enciclop\u00e9dica que recibi\u00f3 el premio a la mejor publicaci\u00f3n gastron\u00f3mica espa\u00f1ola. Esta obra se ha convertido en un referente en el sector por su enfoque innovador de la elaboraci\u00f3n del helado.<br><br>Hoy en d\u00eda, Angelo Corvitto es considerado uno de los pioneros en la t\u00e9cnica heladera, habiendo sentado las bases y desarrollado un profundo conocimiento de los ingredientes. Su legado contin\u00faa con su hijo, Herv\u00e9 Corvitto, quien sigue los pasos de su padre como maestro heladero.<\/p>\t\t<\/div>\n\t\t\t\t<\/div>\n\t\t\t\t\t<\/div>\n\t\t\t\t<\/div>\n\t\t\t\t<\/div>\n\t\t\t\t\t<\/div>\n\t\t\t\t<\/div>\n\t\t<div class=\"has_eae_slider elementor-element elementor-element-77d7370 e-flex e-con-boxed e-con\" data-particle_enable=\"false\" data-particle-mobile-disabled=\"false\" data-id=\"77d7370\" data-element_type=\"container\" data-settings=\"{&quot;content_width&quot;:&quot;boxed&quot;}\">\n\t\t\t\t\t<div class=\"e-con-inner\">\n\t\t<div class=\"has_eae_slider elementor-element elementor-element-b221091 e-con-full e-flex e-con\" data-particle_enable=\"false\" data-particle-mobile-disabled=\"false\" data-id=\"b221091\" data-element_type=\"container\" data-settings=\"{&quot;content_width&quot;:&quot;full&quot;,&quot;background_background&quot;:&quot;classic&quot;}\">\n\t\t\t\t<\/div>\n\t\t<div class=\"has_eae_slider elementor-element elementor-element-7fcdef7 e-con-full e-flex e-con\" data-particle_enable=\"false\" data-particle-mobile-disabled=\"false\" data-id=\"7fcdef7\" data-element_type=\"container\" data-settings=\"{&quot;content_width&quot;:&quot;full&quot;,&quot;background_background&quot;:&quot;classic&quot;}\">\n\t\t<div class=\"has_eae_slider elementor-element elementor-element-c533441 e-flex e-con-boxed e-con\" data-particle_enable=\"false\" data-particle-mobile-disabled=\"false\" data-id=\"c533441\" data-element_type=\"container\" data-settings=\"{&quot;content_width&quot;:&quot;boxed&quot;}\">\n\t\t\t\t\t<div class=\"e-con-inner\">\n\t\t\t\t<div class=\"elementor-element elementor-element-0629637 elementor-widget elementor-widget-heading\" data-id=\"0629637\" data-element_type=\"widget\" data-widget_type=\"heading.default\">\n\t\t\t\t<div class=\"elementor-widget-container\">\n\t\t\t<h2 class=\"elementor-heading-title elementor-size-default\">HERV\u00c9 CORVITTO<\/h2>\t\t<\/div>\n\t\t\t\t<\/div>\n\t\t\t\t<div class=\"elementor-element elementor-element-f306826 elementor-widget elementor-widget-heading\" data-id=\"f306826\" data-element_type=\"widget\" data-widget_type=\"heading.default\">\n\t\t\t\t<div class=\"elementor-widget-container\">\n\t\t\t<h3 class=\"elementor-heading-title elementor-size-default\">La historia continua...<\/h3>\t\t<\/div>\n\t\t\t\t<\/div>\n\t\t\t\t<div class=\"elementor-element elementor-element-b252368 elementor-widget elementor-widget-spacer\" data-id=\"b252368\" data-element_type=\"widget\" data-widget_type=\"spacer.default\">\n\t\t\t\t<div class=\"elementor-widget-container\">\n\t\t\t\t\t<div class=\"elementor-spacer\">\n\t\t\t<div class=\"elementor-spacer-inner\"><\/div>\n\t\t<\/div>\n\t\t\t\t<\/div>\n\t\t\t\t<\/div>\n\t\t\t\t<div class=\"elementor-element elementor-element-3300ce8 elementor-widget elementor-widget-heading\" data-id=\"3300ce8\" data-element_type=\"widget\" data-widget_type=\"heading.default\">\n\t\t\t\t<div class=\"elementor-widget-container\">\n\t\t\t<h3 class=\"elementor-heading-title elementor-size-default\">La incorporaci\u00f3n de Herv\u00e9 Corvitto a Angelo en\nel a\u00f1o 2000 permiti\u00f3 mantener viva la tradici\u00f3n familiar y la b\u00fasqueda del helado perfecto que inici\u00f3 su padre. La incorporaci\u00f3n de nuevos ingredientes, el perfeccionamiento de la t\u00e9cnica o el desarrollo de sabores disruptivos han permitido adaptar sus creaciones a la revoluci\u00f3n\ngastron\u00f3mica vivida en los \u00faltimos a\u00f1os, la historia contin\u00faa... posicionando el helado como un elemento m\u00e1s en los platos de los chefs m\u00e1s renombrados.\n<br><br>Adem\u00e1s, con la apertura del nuevo obrador de helados en el pueblo ampurdan\u00e9s de Ull\u00e0 en el a\u00f1o 2013, Angelo da un paso adelante mejorando la log\u00edstica, la maquinaria e incrementando su capacidad productiva.<\/h3>\t\t<\/div>\n\t\t\t\t<\/div>\n\t\t\t\t\t<\/div>\n\t\t\t\t<\/div>\n\t\t\t\t<\/div>\n\t\t\t\t\t<\/div>\n\t\t\t\t<\/div>\n\t\t\t\t\t\t\t<\/div>\n\t\t","protected":false},"excerpt":{"rendered":"<p>\u00bfQui\u00e9nes somos? Helados Angelo se fund\u00f3 en Torroella de Montgr\u00ed, Girona, el 1985 Al frente de este proyecto estaba el maestro heladero Angelo Corvitto que despu\u00e9s de a\u00f1os en el mundo de la hosteler\u00eda materializaba el sue\u00f1o de dedicarse exclusivamente a su gran pasi\u00f3n: la elaboraci\u00f3n de los helados. Siguiendo los pasos de Angelo, su&hellip;&nbsp;<a href=\"https:\/\/www.gelatsangelo.com\/es\/nosotros\/\" class=\"\" rel=\"bookmark\">Leer m\u00e1s &raquo;<span class=\"screen-reader-text\">Nosotros<\/span><\/a><\/p>\n","protected":false},"author":1,"featured_media":0,"parent":0,"menu_order":0,"comment_status":"closed","ping_status":"closed","template":"page-templates\/template-pagebuilder-full-width.php","meta":{"inline_featured_image":false,"neve_meta_sidebar":"","neve_meta_container":"","neve_meta_enable_content_width":"off","neve_meta_content_width":100,"neve_meta_title_alignment":"","neve_meta_author_avatar":"","neve_post_elements_order":"","neve_meta_disable_header":"","neve_meta_disable_footer":"","neve_meta_disable_title":"","footnotes":""},"acf":[],"yoast_head":"<!-- This site is optimized with the Yoast SEO plugin v20.12 - https:\/\/yoast.com\/wordpress\/plugins\/seo\/ -->\n<title>Nosotros | Gelats Angelo<\/title>\n<meta name=\"description\" content=\"La vocaci\u00f3n convertida en un referente internacional. Gelats Angelo se fund\u00f3 en Torroella de Montgr\u00ed, Gerona, en 1985.\" \/>\n<meta name=\"robots\" content=\"index, follow, max-snippet:-1, max-image-preview:large, max-video-preview:-1\" \/>\n<link rel=\"canonical\" href=\"https:\/\/www.gelatsangelo.com\/es\/nosotros\/\" \/>\n<meta property=\"og:locale\" content=\"es_ES\" \/>\n<meta property=\"og:type\" content=\"article\" \/>\n<meta property=\"og:title\" content=\"Nosotros | Gelats Angelo\" \/>\n<meta property=\"og:description\" content=\"La vocaci\u00f3n convertida en un referente internacional. Gelats Angelo se fund\u00f3 en Torroella de Montgr\u00ed, Gerona, en 1985.\" \/>\n<meta property=\"og:url\" content=\"https:\/\/www.gelatsangelo.com\/es\/nosotros\/\" \/>\n<meta property=\"og:site_name\" content=\"Gelats Angelo\" \/>\n<meta property=\"article:publisher\" content=\"https:\/\/www.facebook.com\/GelatsAngelo\/\" \/>\n<meta property=\"article:modified_time\" content=\"2026-03-17T09:30:09+00:00\" \/>\n<meta property=\"og:image\" content=\"http:\/\/www.gelatsangelo.com\/wp-content\/uploads\/2023\/06\/210126-Angelo-Espais_42887_COLOR_4web-1-1024x768.jpg\" \/>\n<meta name=\"twitter:card\" content=\"summary_large_image\" \/>\n<meta name=\"twitter:label1\" content=\"Tiempo de lectura\" \/>\n\t<meta name=\"twitter:data1\" content=\"6 minutos\" \/>\n<script type=\"application\/ld+json\" class=\"yoast-schema-graph\">{\"@context\":\"https:\/\/schema.org\",\"@graph\":[{\"@type\":\"WebPage\",\"@id\":\"https:\/\/www.gelatsangelo.com\/es\/nosotros\/\",\"url\":\"https:\/\/www.gelatsangelo.com\/es\/nosotros\/\",\"name\":\"Nosotros | Gelats Angelo\",\"isPartOf\":{\"@id\":\"https:\/\/www.gelatsangelo.com\/#website\"},\"datePublished\":\"2023-05-17T11:13:00+00:00\",\"dateModified\":\"2026-03-17T09:30:09+00:00\",\"description\":\"La vocaci\u00f3n convertida en un referente internacional. Gelats Angelo se fund\u00f3 en Torroella de Montgr\u00ed, Gerona, en 1985.\",\"breadcrumb\":{\"@id\":\"https:\/\/www.gelatsangelo.com\/es\/nosotros\/#breadcrumb\"},\"inLanguage\":\"es\",\"potentialAction\":[{\"@type\":\"ReadAction\",\"target\":[\"https:\/\/www.gelatsangelo.com\/es\/nosotros\/\"]}]},{\"@type\":\"BreadcrumbList\",\"@id\":\"https:\/\/www.gelatsangelo.com\/es\/nosotros\/#breadcrumb\",\"itemListElement\":[{\"@type\":\"ListItem\",\"position\":1,\"name\":\"Inici\",\"item\":\"https:\/\/www.gelatsangelo.com\/es\/\"},{\"@type\":\"ListItem\",\"position\":2,\"name\":\"Nosotros\"}]},{\"@type\":\"WebSite\",\"@id\":\"https:\/\/www.gelatsangelo.com\/#website\",\"url\":\"https:\/\/www.gelatsangelo.com\/\",\"name\":\"Gelats Angelo\",\"description\":\"El gelat alimenta la felicitat\",\"publisher\":{\"@id\":\"https:\/\/www.gelatsangelo.com\/#organization\"},\"alternateName\":\"Gelats Angelo\",\"potentialAction\":[{\"@type\":\"SearchAction\",\"target\":{\"@type\":\"EntryPoint\",\"urlTemplate\":\"https:\/\/www.gelatsangelo.com\/?s={search_term_string}\"},\"query-input\":\"required name=search_term_string\"}],\"inLanguage\":\"es\"},{\"@type\":\"Organization\",\"@id\":\"https:\/\/www.gelatsangelo.com\/#organization\",\"name\":\"Gelats Angelo\",\"alternateName\":\"Gelats Angelo\",\"url\":\"https:\/\/www.gelatsangelo.com\/\",\"logo\":{\"@type\":\"ImageObject\",\"inLanguage\":\"es\",\"@id\":\"https:\/\/www.gelatsangelo.com\/#\/schema\/logo\/image\/\",\"url\":\"https:\/\/www.gelatsangelo.com\/wp-content\/uploads\/elementor\/screenshots\/Elementor-post-screenshot_4252_2023-06-22-14-45-15_fdf1d82.png\",\"contentUrl\":\"https:\/\/www.gelatsangelo.com\/wp-content\/uploads\/elementor\/screenshots\/Elementor-post-screenshot_4252_2023-06-22-14-45-15_fdf1d82.png\",\"width\":1,\"height\":1,\"caption\":\"Gelats Angelo\"},\"image\":{\"@id\":\"https:\/\/www.gelatsangelo.com\/#\/schema\/logo\/image\/\"},\"sameAs\":[\"https:\/\/www.facebook.com\/GelatsAngelo\/\",\"https:\/\/www.instagram.com\/gelatsangelo\/\"]}]}<\/script>\n<!-- \/ Yoast SEO plugin. -->","yoast_head_json":{"title":"Nosotros | Gelats Angelo","description":"La vocaci\u00f3n convertida en un referente internacional. Gelats Angelo se fund\u00f3 en Torroella de Montgr\u00ed, Gerona, en 1985.","robots":{"index":"index","follow":"follow","max-snippet":"max-snippet:-1","max-image-preview":"max-image-preview:large","max-video-preview":"max-video-preview:-1"},"canonical":"https:\/\/www.gelatsangelo.com\/es\/nosotros\/","og_locale":"es_ES","og_type":"article","og_title":"Nosotros | Gelats Angelo","og_description":"La vocaci\u00f3n convertida en un referente internacional. Gelats Angelo se fund\u00f3 en Torroella de Montgr\u00ed, Gerona, en 1985.","og_url":"https:\/\/www.gelatsangelo.com\/es\/nosotros\/","og_site_name":"Gelats Angelo","article_publisher":"https:\/\/www.facebook.com\/GelatsAngelo\/","article_modified_time":"2026-03-17T09:30:09+00:00","og_image":[{"url":"http:\/\/www.gelatsangelo.com\/wp-content\/uploads\/2023\/06\/210126-Angelo-Espais_42887_COLOR_4web-1-1024x768.jpg"}],"twitter_card":"summary_large_image","twitter_misc":{"Tiempo de lectura":"6 minutos"},"schema":{"@context":"https:\/\/schema.org","@graph":[{"@type":"WebPage","@id":"https:\/\/www.gelatsangelo.com\/es\/nosotros\/","url":"https:\/\/www.gelatsangelo.com\/es\/nosotros\/","name":"Nosotros | Gelats Angelo","isPartOf":{"@id":"https:\/\/www.gelatsangelo.com\/#website"},"datePublished":"2023-05-17T11:13:00+00:00","dateModified":"2026-03-17T09:30:09+00:00","description":"La vocaci\u00f3n convertida en un referente internacional. Gelats Angelo se fund\u00f3 en Torroella de Montgr\u00ed, Gerona, en 1985.","breadcrumb":{"@id":"https:\/\/www.gelatsangelo.com\/es\/nosotros\/#breadcrumb"},"inLanguage":"es","potentialAction":[{"@type":"ReadAction","target":["https:\/\/www.gelatsangelo.com\/es\/nosotros\/"]}]},{"@type":"BreadcrumbList","@id":"https:\/\/www.gelatsangelo.com\/es\/nosotros\/#breadcrumb","itemListElement":[{"@type":"ListItem","position":1,"name":"Inici","item":"https:\/\/www.gelatsangelo.com\/es\/"},{"@type":"ListItem","position":2,"name":"Nosotros"}]},{"@type":"WebSite","@id":"https:\/\/www.gelatsangelo.com\/#website","url":"https:\/\/www.gelatsangelo.com\/","name":"Gelats Angelo","description":"El gelat alimenta la felicitat","publisher":{"@id":"https:\/\/www.gelatsangelo.com\/#organization"},"alternateName":"Gelats Angelo","potentialAction":[{"@type":"SearchAction","target":{"@type":"EntryPoint","urlTemplate":"https:\/\/www.gelatsangelo.com\/?s={search_term_string}"},"query-input":"required name=search_term_string"}],"inLanguage":"es"},{"@type":"Organization","@id":"https:\/\/www.gelatsangelo.com\/#organization","name":"Gelats Angelo","alternateName":"Gelats Angelo","url":"https:\/\/www.gelatsangelo.com\/","logo":{"@type":"ImageObject","inLanguage":"es","@id":"https:\/\/www.gelatsangelo.com\/#\/schema\/logo\/image\/","url":"https:\/\/www.gelatsangelo.com\/wp-content\/uploads\/elementor\/screenshots\/Elementor-post-screenshot_4252_2023-06-22-14-45-15_fdf1d82.png","contentUrl":"https:\/\/www.gelatsangelo.com\/wp-content\/uploads\/elementor\/screenshots\/Elementor-post-screenshot_4252_2023-06-22-14-45-15_fdf1d82.png","width":1,"height":1,"caption":"Gelats Angelo"},"image":{"@id":"https:\/\/www.gelatsangelo.com\/#\/schema\/logo\/image\/"},"sameAs":["https:\/\/www.facebook.com\/GelatsAngelo\/","https:\/\/www.instagram.com\/gelatsangelo\/"]}]}},"_links":{"self":[{"href":"https:\/\/www.gelatsangelo.com\/es\/wp-json\/wp\/v2\/pages\/299"}],"collection":[{"href":"https:\/\/www.gelatsangelo.com\/es\/wp-json\/wp\/v2\/pages"}],"about":[{"href":"https:\/\/www.gelatsangelo.com\/es\/wp-json\/wp\/v2\/types\/page"}],"author":[{"embeddable":true,"href":"https:\/\/www.gelatsangelo.com\/es\/wp-json\/wp\/v2\/users\/1"}],"replies":[{"embeddable":true,"href":"https:\/\/www.gelatsangelo.com\/es\/wp-json\/wp\/v2\/comments?post=299"}],"version-history":[{"count":290,"href":"https:\/\/www.gelatsangelo.com\/es\/wp-json\/wp\/v2\/pages\/299\/revisions"}],"predecessor-version":[{"id":7244,"href":"https:\/\/www.gelatsangelo.com\/es\/wp-json\/wp\/v2\/pages\/299\/revisions\/7244"}],"wp:attachment":[{"href":"https:\/\/www.gelatsangelo.com\/es\/wp-json\/wp\/v2\/media?parent=299"}],"curies":[{"name":"wp","href":"https:\/\/api.w.org\/{rel}","templated":true}]}}